{"id":46,"date":"2017-11-30T15:46:41","date_gmt":"2017-11-30T15:46:41","guid":{"rendered":"http:\/\/waldsportpark-ebersberg.de\/?page_id=46"},"modified":"2024-05-15T11:40:35","modified_gmt":"2024-05-15T11:40:35","slug":"ueber-foerderverein-waldsportpark-ebersberg-e-v","status":"publish","type":"page","link":"https:\/\/waldsportpark-ebersberg.de\/index.php\/ueber-foerderverein-waldsportpark-ebersberg-e-v\/","title":{"rendered":"\u00dcber F\u00f6rderverein Waldsportpark Ebersberg e.V."},"content":{"rendered":"<div id=\"cs-content\" class=\"cs-content\"><div class=\"x-section e46-e1 m1a-0\"><div class=\"x-container max width e46-e2 m1a-1\"><div class=\"x-column x-sm x-1-1 e46-e3 m1a-2\"><h2  class=\"h-custom-headline h3\" style=\"color: hsl(0, 0%, 100%);\"><span>Ziele und Aufgaben des F\u00f6rdervereins<\/span><\/h2><hr  class=\"x-gap\" style=\"margin: 25px 0 0 0;\"><ul  class=\"x-feature-list\"  data-x-element=\"feature_list\" data-x-params=\"{&quot;animationOffset&quot;:&quot;50&quot;,&quot;animationDelayInitial&quot;:&quot;0&quot;,&quot;animationDelayBetween&quot;:&quot;300&quot;}\"><li  class=\"x-feature-box left-text top-text cf\" style=\" max-width: none;\" data-x-element=\"feature_box\" data-x-params=\"{&quot;child&quot;:true,&quot;graphicAnimation&quot;:&quot;none&quot;,&quot;connectorAnimation&quot;:&quot;none&quot;,&quot;alignH&quot;:&quot;left&quot;,&quot;alignV&quot;:&quot;top&quot;}\"><span class=\"x-feature-box-connector full\" style=\"font-size: 60px; left: 0; right: calc(100% - 60px); border-left: 1px dashed #272727;\"><\/span><div class=\"x-feature-box-graphic square \"><div class=\"x-feature-box-graphic-outer square\" style=\" margin-right: 20px;\"><div class=\"x-feature-box-graphic-inner square\" style=\"font-size: 60px;\"><i class=\"x-icon-tree square\" data-x-icon-s=\"&#xf1bb;\"  style=\"margin: 0 auto; border-width: 2px 2px 2px 2px; border-style: solid; border-color: ; color: hsl(0, 0%, 100%); background-color: hsla(0, 0%, 0%, 0);\"><\/i><\/div><\/div><\/div><div class=\"x-feature-box-content \"><h4 class=\"x-feature-box-title\" style=\"color: hsl(0, 0%, 100%);\">Renovierung und Erweiterung des Waldsportparks<\/h4><p class=\"x-feature-box-text\">Der F\u00f6rderverein Waldsportpark Ebersberg e.V. \u00fcbernimmt die Vorbereitung und Planung von Erweiterungen und Renovierungsarbeiten des Waldsportparks Ebersberg. <\/p><\/div><\/li><li  class=\"x-feature-box left-text top-text cf\" style=\" max-width: none;\" data-x-element=\"feature_box\" data-x-params=\"{&quot;child&quot;:true,&quot;graphicAnimation&quot;:&quot;none&quot;,&quot;connectorAnimation&quot;:&quot;none&quot;,&quot;alignH&quot;:&quot;left&quot;,&quot;alignV&quot;:&quot;top&quot;}\"><span class=\"x-feature-box-connector full\" style=\"font-size: 60px; left: 0; right: calc(100% - 60px); border-left: 1px dashed #272727;\"><\/span><div class=\"x-feature-box-graphic square \"><div class=\"x-feature-box-graphic-outer square\" style=\" margin-right: 20px;\"><div class=\"x-feature-box-graphic-inner square\" style=\"font-size: 60px;\"><i class=\"x-icon-tree square\" data-x-icon-s=\"&#xf1bb;\"  style=\"margin: 0 auto; border-width: 2px 2px 2px 2px; border-style: solid; border-color: ; color: hsl(0, 0%, 100%); background-color: hsla(0, 0%, 0%, 0);\"><\/i><\/div><\/div><\/div><div class=\"x-feature-box-content \"><h4 class=\"x-feature-box-title\" style=\"color: hsl(0, 0%, 100%);\">Umgestaltung der Anlagen des Waldsportparks<\/h4><p class=\"x-feature-box-text\">Wenn einmal einzelne Anlagen im Waldsportpark umgestaltet werden sollen, erarbeitet der F\u00f6rderverein Waldsportpark e.V. das daf\u00fcr notwendige Konzept und verantwortet die Umsetzung der Projekte.<\/p><\/div><\/li><li  class=\"x-feature-box left-text top-text cf\" style=\" max-width: none;\" data-x-element=\"feature_box\" data-x-params=\"{&quot;child&quot;:true,&quot;graphicAnimation&quot;:&quot;none&quot;,&quot;connectorAnimation&quot;:&quot;none&quot;,&quot;alignH&quot;:&quot;left&quot;,&quot;alignV&quot;:&quot;top&quot;}\"><span class=\"x-feature-box-connector full\" style=\"font-size: 60px; left: 0; right: calc(100% - 60px); border-left: 1px dashed #272727;\"><\/span><div class=\"x-feature-box-graphic square \"><div class=\"x-feature-box-graphic-outer square\" style=\" margin-right: 20px;\"><div class=\"x-feature-box-graphic-inner square\" style=\"font-size: 60px;\"><i class=\"x-icon-tree square\" data-x-icon-s=\"&#xf1bb;\"  style=\"margin: 0 auto; border-width: 2px 2px 2px 2px; border-style: solid; border-color: ; color: hsl(0, 0%, 100%); background-color: hsla(0, 0%, 0%, 0);\"><\/i><\/div><\/div><\/div><div class=\"x-feature-box-content \"><h4 class=\"x-feature-box-title\" style=\"color: hsl(0, 0%, 100%);\">Koordination der Vereine<\/h4><p class=\"x-feature-box-text\">Der F\u00f6rderverein Waldsportpark Ebersberg e.V. \u00fcbernimmt die Koordination s\u00e4mtlicher Vereine, die an der Nutzung des Waldsportparks interessiert sind.<\/p><\/div><\/li><li  class=\"x-feature-box left-text top-text cf\" style=\" max-width: none;\" data-x-element=\"feature_box\" data-x-params=\"{&quot;child&quot;:true,&quot;graphicAnimation&quot;:&quot;none&quot;,&quot;connectorAnimation&quot;:&quot;none&quot;,&quot;alignH&quot;:&quot;left&quot;,&quot;alignV&quot;:&quot;top&quot;}\"><span class=\"x-feature-box-connector full\" style=\"font-size: 60px; left: 0; right: calc(100% - 60px); border-left: 1px dashed #272727;\"><\/span><div class=\"x-feature-box-graphic square \"><div class=\"x-feature-box-graphic-outer square\" style=\" margin-right: 20px;\"><div class=\"x-feature-box-graphic-inner square\" style=\"font-size: 60px;\"><i class=\"x-icon-tree square\" data-x-icon-s=\"&#xf1bb;\"  style=\"margin: 0 auto; border-width: 2px 2px 2px 2px; border-style: solid; border-color: ; color: hsl(0, 0%, 100%); background-color: hsla(0, 0%, 0%, 0);\"><\/i><\/div><\/div><\/div><div class=\"x-feature-box-content \"><h4 class=\"x-feature-box-title\" style=\"color: hsl(0, 0%, 100%);\">Vertretung der Nutzer des Waldsportparks<\/h4><p class=\"x-feature-box-text\">Der F\u00f6rderverein Waldsportpark Ebersberg e.V. vertritt alle Nutzer und Interessenten des Waldsportparks Ebersberg. <\/p><\/div><\/li><li  class=\"x-feature-box left-text top-text cf\" style=\" max-width: none;\" data-x-element=\"feature_box\" data-x-params=\"{&quot;child&quot;:true,&quot;graphicAnimation&quot;:&quot;none&quot;,&quot;connectorAnimation&quot;:&quot;none&quot;,&quot;alignH&quot;:&quot;left&quot;,&quot;alignV&quot;:&quot;top&quot;}\"><span class=\"x-feature-box-connector full\" style=\"font-size: 60px; left: 0; right: calc(100% - 60px); border-left: 1px dashed #272727;\"><\/span><div class=\"x-feature-box-graphic square \"><div class=\"x-feature-box-graphic-outer square\" style=\" margin-right: 20px;\"><div class=\"x-feature-box-graphic-inner square\" style=\"font-size: 60px;\"><i class=\"x-icon-tree square\" data-x-icon-s=\"&#xf1bb;\"  style=\"margin: 0 auto; border-width: 2px 2px 2px 2px; border-style: solid; border-color: ; color: hsl(0, 0%, 100%); background-color: hsla(0, 0%, 0%, 0);\"><\/i><\/div><\/div><\/div><div class=\"x-feature-box-content \"><h4 class=\"x-feature-box-title\" style=\"color: hsl(0, 0%, 100%);\">Betrieb und Unterhalt des Skilifts Ebersberg<\/h4><p class=\"x-feature-box-text\">Damit vor allem die Kinder und Jugendlichen aus Ebersberg und dem Ebersberger Umland eine M\u00f6glichkeit haben das Skifahren zu lernen und die Freude am Wintersport zu entdecken, betreibt und finanziert der F\u00f6rderverein Waldsportpark Ebersberg e.V. den Skilift Ebersberg.<\/p><\/div><\/li><li  class=\"x-feature-box left-text top-text cf\" style=\" max-width: none;\" data-x-element=\"feature_box\" data-x-params=\"{&quot;child&quot;:true,&quot;graphicAnimation&quot;:&quot;none&quot;,&quot;connectorAnimation&quot;:&quot;none&quot;,&quot;alignH&quot;:&quot;left&quot;,&quot;alignV&quot;:&quot;top&quot;}\"><span class=\"x-feature-box-connector full\" style=\"font-size: 60px; left: 0; right: calc(100% - 60px); border-left: 1px dashed #272727;\"><\/span><div class=\"x-feature-box-graphic square \"><div class=\"x-feature-box-graphic-outer square\" style=\" margin-right: 20px;\"><div class=\"x-feature-box-graphic-inner square\" style=\"font-size: 60px;\"><i class=\"x-icon-tree square\" data-x-icon-s=\"&#xf1bb;\"  style=\"margin: 0 auto; border-width: 2px 2px 2px 2px; border-style: solid; border-color: ; color: hsl(0, 0%, 100%); background-color: hsla(0, 0%, 0%, 0);\"><\/i><\/div><\/div><\/div><div class=\"x-feature-box-content \"><h4 class=\"x-feature-box-title\" style=\"color: hsl(0, 0%, 100%);\">Ausstattung und Instandhaltung der Sportanlagen<\/h4><p class=\"x-feature-box-text\">Der F\u00f6rderverein Waldsportpark Ebersberg e.V. f\u00f6rdert die Ausstattung und Instandhaltung der Sportanlagen im Waldsportpark Ebersberg.<\/p><\/div><\/li><li  class=\"x-feature-box left-text top-text cf\" style=\" max-width: none;\" data-x-element=\"feature_box\" data-x-params=\"{&quot;child&quot;:true,&quot;graphicAnimation&quot;:&quot;none&quot;,&quot;connectorAnimation&quot;:&quot;none&quot;,&quot;alignH&quot;:&quot;left&quot;,&quot;alignV&quot;:&quot;top&quot;}\"><span class=\"x-feature-box-connector full\" style=\"font-size: 60px; left: 0; right: calc(100% - 60px); border-left: 1px dashed #272727;\"><\/span><div class=\"x-feature-box-graphic square \"><div class=\"x-feature-box-graphic-outer square\" style=\" margin-right: 20px;\"><div class=\"x-feature-box-graphic-inner square\" style=\"font-size: 60px;\"><i class=\"x-icon-tree square\" data-x-icon-s=\"&#xf1bb;\"  style=\"margin: 0 auto; border-width: 2px 2px 2px 2px; border-style: solid; border-color: ; color: hsl(0, 0%, 100%); background-color: hsla(0, 0%, 0%, 0);\"><\/i><\/div><\/div><\/div><div class=\"x-feature-box-content \"><h4 class=\"x-feature-box-title\" style=\"color: hsl(0, 0%, 100%);\">Erstellung und Unterhalt der Skilanglauf-Loipen<\/h4><p class=\"x-feature-box-text\">Die Erstellung und der Unterhalt der Skilanglauf-Loipen, sowie der Betrieb und Unterhalt der erforderlichen Maschinen liegen in der Verantwortung des F\u00f6rderverein Waldsportpark Ebersberg e.V.<\/p><\/div><\/li><\/ul><\/div><\/div><\/div><div class=\"x-section e46-e14 m1a-0\"><div class=\"x-container max width e46-e15 m1a-1\"><div class=\"x-column x-sm x-1-1 e46-e16 m1a-2\"><h2  class=\"h-custom-headline h3\" style=\"color: hsl(0, 0%, 100%);\"><span>Der Vorstand<\/span><\/h2><hr  class=\"x-gap\" style=\"margin: 25px 0 0 0;\"><\/div><\/div><div class=\"x-container max width e46-e19 m1a-1\"><div class=\"x-column x-sm x-1-4 e46-e20 m1a-2\"><div  class=\"x-card-outer flip-from-left center-vertically\" data-x-element=\"classic_card\"><div class=\"x-card-inner\"><div class=\"x-face-outer front\" style=\"border-width: 2px 2px 2px 2px; border-style: solid; border-color: hsl(0, 0%, 100%); color: rgb(80, 70, 70); background-color: rgba(255, 255, 255, 0.5);\"><div class=\"x-face-inner\"><div class=\"x-face-content\" style=\"padding: 10% 10% 10% 10%;\"><div class=\"x-face-graphic\"><img decoding=\"async\" style=\"margin: 0; width: 100px;\" src=\"https:\/\/waldsportpark-ebersberg.de\/wp-content\/uploads\/2017\/12\/VorstandWaldsportparkEbersberg_Web.png\"><\/div><h4 class=\"x-face-title\">Andreas <br> Schmidt <\/h4><p class=\"x-face-text\">1. Vorsitzender <p><\/p><\/div><\/div><\/div><div class=\"x-face-outer back\" style=\"border-width: 2px 2px 2px 2px; border-style: solid; border-color: hsl(0, 0%, 100%); color: #ffffff; background-color: rgba(80, 70, 70, 0.5);\"><div class=\"x-face-inner\"><div class=\"x-face-content\" style=\"padding: 10% 10% 10% 10%;\"><h4 class=\"x-face-title\"><p><\/h4><p class=\"x-face-text\">Andreas Schmidt ist 1. Vorsitzender des F\u00f6rdervereins Waldsportpark Ebersberg e.V. und leitet den Verein und die Sitzungen<\/p><\/div><\/div><\/div><\/div><\/div><div  class=\"x-card-outer flip-from-left center-vertically\" data-x-element=\"classic_card\"><div class=\"x-card-inner\"><div class=\"x-face-outer front\" style=\"border-width: 2px 2px 2px 2px; border-style: solid; border-color: hsl(0, 0%, 100%); color: rgb(80, 70, 70); background-color: rgba(255, 255, 255, 0.5);\"><div class=\"x-face-inner\"><div class=\"x-face-content\" style=\"padding: 10% 10% 10% 10%;\"><div class=\"x-face-graphic\"><img decoding=\"async\" style=\"margin: 0; width: 100px;\" src=\"https:\/\/waldsportpark-ebersberg.de\/wp-content\/uploads\/2017\/12\/VorstandWaldsportparkEbersberg_Web.png\"><\/div><h4 class=\"x-face-title\">Rainer <br> Mitterhofer<\/h4><p class=\"x-face-text\">Technischer Leiter Skilift <p><\/p><\/div><\/div><\/div><div class=\"x-face-outer back\" style=\"border-width: 2px 2px 2px 2px; border-style: solid; border-color: hsl(0, 0%, 100%); color: #ffffff; background-color: rgba(80, 70, 70, 0.5);\"><div class=\"x-face-inner\"><div class=\"x-face-content\" style=\"padding: 10% 10% 10% 10%;\"><h4 class=\"x-face-title\"><p><\/h4><p class=\"x-face-text\">Als Technischer Leiter unserer Skiliftanlage verantwortet Rainer Mitterhofer die Technik des Skilifts<\/p><\/div><\/div><\/div><\/div><\/div><div  class=\"x-card-outer flip-from-left center-vertically\" data-x-element=\"classic_card\"><div class=\"x-card-inner\"><div class=\"x-face-outer front\" style=\"border-width: 2px 2px 2px 2px; border-style: solid; border-color: hsl(0, 0%, 100%); color: rgb(80, 70, 70); background-color: rgba(255, 255, 255, 0.5);\"><div class=\"x-face-inner\"><div class=\"x-face-content\" style=\"padding: 10% 10% 10% 10%;\"><div class=\"x-face-graphic\"><img decoding=\"async\" style=\"margin: 0; width: 100px;\" src=\"http:\/\/waldsportpark-ebersberg.de\/wp-content\/uploads\/2017\/12\/VorstandWaldsportparkEbersberg_Web.png\"><\/div><h4 class=\"x-face-title\">Alois Sankt- <br> johanser<\/h4><p class=\"x-face-text\">Beisitzer <p><\/p><\/div><\/div><\/div><div class=\"x-face-outer back\" style=\"border-width: 2px 2px 2px 2px; border-style: solid; border-color: hsl(0, 0%, 100%); color: #ffffff; background-color: rgba(80, 70, 70, 0.5);\"><div class=\"x-face-inner\"><div class=\"x-face-content\" style=\"padding: 10% 10% 10% 10%;\"><h4 class=\"x-face-title\"><p><\/h4><p class=\"x-face-text\">Alois Sanktjohanser engagiert sich als Beisitzer des Vereins und unterst\u00fctzt den Vorstand in verschiedenen Aufgaben.<\/p><\/div><\/div><\/div><\/div><\/div><\/div><div class=\"x-column x-sm x-1-4 e46-e24 m1a-2\"><div  class=\"x-card-outer flip-from-left center-vertically\" data-x-element=\"classic_card\"><div class=\"x-card-inner\"><div class=\"x-face-outer front\" style=\"border-width: 2px 2px 2px 2px; border-style: solid; border-color: hsl(0, 0%, 100%); color: rgb(80, 70, 70); background-color: rgba(255, 255, 255, 0.5);\"><div class=\"x-face-inner\"><div class=\"x-face-content\" style=\"padding: 10% 10% 10% 10%;\"><div class=\"x-face-graphic\"><img decoding=\"async\" style=\"margin: 0; width: 100px;\" src=\"https:\/\/waldsportpark-ebersberg.de\/wp-content\/uploads\/2017\/12\/VorstandWaldsportparkEbersberg_Web.png\"><\/div><h4 class=\"x-face-title\">Robert <br> Schurer<\/h4><p class=\"x-face-text\">2. Vorsitzender <p><\/p><\/div><\/div><\/div><div class=\"x-face-outer back\" style=\"border-width: 2px 2px 2px 2px; border-style: solid; border-color: hsl(0, 0%, 100%); color: #ffffff; background-color: rgba(80, 70, 70, 0.5);\"><div class=\"x-face-inner\"><div class=\"x-face-content\" style=\"padding: 10% 10% 10% 10%;\"><h4 class=\"x-face-title\"><p><\/h4><p class=\"x-face-text\">Robert Schurer ist 2. Vorsitzender des Vereins und vertritt den Vorstand bei dessen Abwesenheit.<\/p><\/div><\/div><\/div><\/div><\/div><div  class=\"x-card-outer flip-from-left center-vertically\" data-x-element=\"classic_card\"><div class=\"x-card-inner\"><div class=\"x-face-outer front\" style=\"border-width: 2px 2px 2px 2px; border-style: solid; border-color: hsl(0, 0%, 100%); color: rgb(80, 70, 70); background-color: rgba(255, 255, 255, 0.5);\"><div class=\"x-face-inner\"><div class=\"x-face-content\" style=\"padding: 10% 10% 10% 10%;\"><div class=\"x-face-graphic\"><img decoding=\"async\" style=\"margin: 0; width: 100px;\" src=\"http:\/\/waldsportpark-ebersberg.de\/wp-content\/uploads\/2017\/12\/VorstandWaldsportparkEbersberg_Web.png\"><\/div><h4 class=\"x-face-title\">Fred <br> Pomrehn<\/h4><p class=\"x-face-text\">Beisitzer <p><\/p><\/div><\/div><\/div><div class=\"x-face-outer back\" style=\"border-width: 2px 2px 2px 2px; border-style: solid; border-color: hsl(0, 0%, 100%); color: #ffffff; background-color: rgba(80, 70, 70, 0.5);\"><div class=\"x-face-inner\"><div class=\"x-face-content\" style=\"padding: 10% 10% 10% 10%;\"><h4 class=\"x-face-title\"><p><\/h4><p class=\"x-face-text\">Fred Pomrehn engagiert sich als Beisitzer des Vereins.<\/p><\/div><\/div><\/div><\/div><\/div><div  class=\"x-card-outer flip-from-left center-vertically\" data-x-element=\"classic_card\"><div class=\"x-card-inner\"><div class=\"x-face-outer front\" style=\"border-width: 2px 2px 2px 2px; border-style: solid; border-color: hsl(0, 0%, 100%); color: rgb(80, 70, 70); background-color: rgba(255, 255, 255, 0.5);\"><div class=\"x-face-inner\"><div class=\"x-face-content\" style=\"padding: 10% 10% 10% 10%;\"><div class=\"x-face-graphic\"><img decoding=\"async\" style=\"margin: 0; width: 100px;\" src=\"http:\/\/waldsportpark-ebersberg.de\/wp-content\/uploads\/2017\/12\/VorstandWaldsportparkEbersberg_Web.png\"><\/div><h4 class=\"x-face-title\">Otmar <br> Sirch<\/h4><p class=\"x-face-text\">Beisitzer <p><\/p><\/div><\/div><\/div><div class=\"x-face-outer back\" style=\"border-width: 2px 2px 2px 2px; border-style: solid; border-color: hsl(0, 0%, 100%); color: #ffffff; background-color: rgba(80, 70, 70, 0.5);\"><div class=\"x-face-inner\"><div class=\"x-face-content\" style=\"padding: 10% 10% 10% 10%;\"><h4 class=\"x-face-title\"><p><\/h4><p class=\"x-face-text\">Otmar Sirch engagiert sich als Beisitzer des Vereins und unterst\u00fctzt den Vorstand in verschiedenen Aufgaben.<\/p><\/div><\/div><\/div><\/div><\/div><\/div><div class=\"x-column x-sm x-1-4 e46-e28 m1a-2\"><div  class=\"x-card-outer flip-from-left center-vertically\" data-x-element=\"classic_card\"><div class=\"x-card-inner\"><div class=\"x-face-outer front\" style=\"border-width: 2px 2px 2px 2px; border-style: solid; border-color: hsl(0, 0%, 100%); color: rgb(80, 70, 70); background-color: rgba(255, 255, 255, 0.5);\"><div class=\"x-face-inner\"><div class=\"x-face-content\" style=\"padding: 10% 10% 10% 10%;\"><div class=\"x-face-graphic\"><img decoding=\"async\" style=\"margin: 0; width: 100px;\" src=\"http:\/\/waldsportpark-ebersberg.de\/wp-content\/uploads\/2017\/12\/VorstandWaldsportparkEbersberg_Web.png\"><\/div><h4 class=\"x-face-title\">Georg <br> Wiedeck<\/h4><p class=\"x-face-text\">Schatzmeister <p><\/p><\/div><\/div><\/div><div class=\"x-face-outer back\" style=\"border-width: 2px 2px 2px 2px; border-style: solid; border-color: hsl(0, 0%, 100%); color: #ffffff; background-color: rgba(80, 70, 70, 0.5);\"><div class=\"x-face-inner\"><div class=\"x-face-content\" style=\"padding: 10% 10% 10% 10%;\"><h4 class=\"x-face-title\"><p><\/h4><p class=\"x-face-text\">Georg Wiedeck ist als Schatzmeister verantwortlich f\u00fcr die Kontof\u00fchrung und Buchhaltung unseres Vereins.<\/p><\/div><\/div><\/div><\/div><\/div><div  class=\"x-card-outer flip-from-left center-vertically\" data-x-element=\"classic_card\"><div class=\"x-card-inner\"><div class=\"x-face-outer front\" style=\"border-width: 2px 2px 2px 2px; border-style: solid; border-color: hsl(0, 0%, 100%); color: rgb(80, 70, 70); background-color: rgba(255, 255, 255, 0.5);\"><div class=\"x-face-inner\"><div class=\"x-face-content\" style=\"padding: 10% 10% 10% 10%;\"><div class=\"x-face-graphic\"><img decoding=\"async\" style=\"margin: 0; width: 100px;\" src=\"http:\/\/waldsportpark-ebersberg.de\/wp-content\/uploads\/2017\/12\/VorstandWaldsportparkEbersberg_Web.png\"><\/div><h4 class=\"x-face-title\">Robert <br> M\u00fcller<\/h4><p class=\"x-face-text\">Beisitzer <p><\/p><\/div><\/div><\/div><div class=\"x-face-outer back\" style=\"border-width: 2px 2px 2px 2px; border-style: solid; border-color: hsl(0, 0%, 100%); color: #ffffff; background-color: rgba(80, 70, 70, 0.5);\"><div class=\"x-face-inner\"><div class=\"x-face-content\" style=\"padding: 10% 10% 10% 10%;\"><h4 class=\"x-face-title\"><p><\/h4><p class=\"x-face-text\">Robert M\u00fcller engagiert sich als Beisitzer des Vereins und unterst\u00fctzt den Vorstand in verschiedenen Aufgaben.<\/p><\/div><\/div><\/div><\/div><\/div><div  class=\"x-card-outer flip-from-left center-vertically\" data-x-element=\"classic_card\"><div class=\"x-card-inner\"><div class=\"x-face-outer front\" style=\"border-width: 2px 2px 2px 2px; border-style: solid; border-color: hsl(0, 0%, 100%); color: rgb(80, 70, 70); background-color: rgba(255, 255, 255, 0.5);\"><div class=\"x-face-inner\"><div class=\"x-face-content\" style=\"padding: 10% 10% 10% 10%;\"><div class=\"x-face-graphic\"><img decoding=\"async\" style=\"margin: 0; width: 100px;\" src=\"http:\/\/waldsportpark-ebersberg.de\/wp-content\/uploads\/2017\/12\/VorstandWaldsportparkEbersberg_Web.png\"><\/div><h4 class=\"x-face-title\">Stefan <br> Gierlich<\/h4><p class=\"x-face-text\">Liftwart <p><\/p><\/div><\/div><\/div><div class=\"x-face-outer back\" style=\"border-width: 2px 2px 2px 2px; border-style: solid; border-color: hsl(0, 0%, 100%); color: #ffffff; background-color: rgba(80, 70, 70, 0.5);\"><div class=\"x-face-inner\"><div class=\"x-face-content\" style=\"padding: 10% 10% 10% 10%;\"><h4 class=\"x-face-title\"><p><\/h4><p class=\"x-face-text\">Stefan Gierlich k\u00fcmmert sich bereits seit 1991 als Liftwart um den Lift und seine Besucher.<\/p><\/div><\/div><\/div><\/div><\/div><\/div><div class=\"x-column x-sm x-1-4 e46-e32 m1a-2\"><div  class=\"x-card-outer flip-from-left center-vertically\" data-x-element=\"classic_card\"><div class=\"x-card-inner\"><div class=\"x-face-outer front\" style=\"border-width: 2px 2px 2px 2px; border-style: solid; border-color: hsl(0, 0%, 100%); color: rgb(80, 70, 70); background-color: rgba(255, 255, 255, 0.5);\"><div class=\"x-face-inner\"><div class=\"x-face-content\" style=\"padding: 10% 10% 10% 10%;\"><div class=\"x-face-graphic\"><img decoding=\"async\" style=\"margin: 0; width: 100px;\" src=\"http:\/\/waldsportpark-ebersberg.de\/wp-content\/uploads\/2017\/12\/VorstandWaldsportparkEbersberg_Web.png\"><\/div><h4 class=\"x-face-title\">Manfred <br> Pompl<\/h4><p class=\"x-face-text\">Schriftf\u00fchrer <p><\/p><\/div><\/div><\/div><div class=\"x-face-outer back\" style=\"border-width: 2px 2px 2px 2px; border-style: solid; border-color: hsl(0, 0%, 100%); color: #ffffff; background-color: rgba(80, 70, 70, 0.5);\"><div class=\"x-face-inner\"><div class=\"x-face-content\" style=\"padding: 10% 10% 10% 10%;\"><h4 class=\"x-face-title\"><p><\/h4><p class=\"x-face-text\">Manfred Pompl fungiert als Schriftf\u00fchrer. Er f\u00fchrt die Sitzungsprotokolle und verwaltet den Verein. <\/p><\/div><\/div><\/div><\/div><\/div><div  class=\"x-card-outer flip-from-left center-vertically\" data-x-element=\"classic_card\"><div class=\"x-card-inner\"><div class=\"x-face-outer front\" style=\"border-width: 2px 2px 2px 2px; border-style: solid; border-color: hsl(0, 0%, 100%); color: rgb(80, 70, 70); background-color: rgba(255, 255, 255, 0.5);\"><div class=\"x-face-inner\"><div class=\"x-face-content\" style=\"padding: 10% 10% 10% 10%;\"><div class=\"x-face-graphic\"><img decoding=\"async\" style=\"margin: 0; width: 100px;\" src=\"https:\/\/waldsportpark-ebersberg.de\/wp-content\/uploads\/2017\/12\/VorstandWaldsportparkEbersberg_Web.png\"><\/div><h4 class=\"x-face-title\">Florian <br> Wiedeck<\/h4><p class=\"x-face-text\">Beisitzer <p><\/p><\/div><\/div><\/div><div class=\"x-face-outer back\" style=\"border-width: 2px 2px 2px 2px; border-style: solid; border-color: hsl(0, 0%, 100%); color: #ffffff; background-color: rgba(80, 70, 70, 0.5);\"><div class=\"x-face-inner\"><div class=\"x-face-content\" style=\"padding: 10% 10% 10% 10%;\"><h4 class=\"x-face-title\"><p><\/h4><p class=\"x-face-text\">Florian Wiedeck engagiert sich als Beisitzer des Vereins.<\/p><\/div><\/div><\/div><\/div><\/div><\/div><\/div><\/div><div class=\"x-section e46-e35 m1a-0\"><div class=\"x-container max width e46-e36 m1a-1\"><div class=\"x-column x-sm x-1-1 e46-e37 m1a-2\"><h2  class=\"h-custom-headline h3\" style=\"color: hsl(0, 0%, 100%);\"><span>Die Geschichte des Waldsportparks<\/span><\/h2><hr  class=\"x-gap\" style=\"margin: 25px 0 0 0;\"><div  class=\"x-accordion\" ><div  class=\"x-accordion-group\" ><div class=\"x-accordion-heading\"><a id=\"tab-69f5bc49ca172\" class=\"x-accordion-toggle\" role=\"tab\" data-x-toggle=\"collapse-b\" data-x-toggleable=\"69f5bc49ca172\" data-x-toggle-group=\"69f5bc49c9f8f\" aria-selected=\"true\" aria-expanded=\"true\" aria-controls=\"panel-69f5bc49ca172\"><i class='x-framework-icon x-shortcode-accordion-icon' data-x-icon-s='&#x2b;' aria-hidden=true><\/i><span>1969\/70<\/span><\/a><\/div><div id=\"panel-69f5bc49ca172\" class=\"x-accordion-body\" role=\"tabpanel\" data-x-toggle-collapse=\"1\" data-x-toggleable=\"69f5bc49ca172\" aria-hidden=\"false\" aria-labelledby=\"tab-69f5bc49ca172\"><div class=\"x-accordion-inner\"><p class=\"p1\"><span class=\"s1\" style=\"color: #504646;\"><strong>Ebersberg braucht mehr Sportpl\u00e4tze!<\/strong><br \/>Hans Steigers Brief r\u00fcttelt die Stadtr\u00e4te von Ebersberg wach, da sie allesamt \"sportfeindlich\" genannt wurden. Ebersberg brauchte dringend ein zus\u00e4tzliches Sportgel\u00e4nde.<\/span><\/p><\/div><\/div><\/div><div  class=\"x-accordion-group\" ><div class=\"x-accordion-heading\"><a id=\"tab-69f5bc49ca1b4\" class=\"x-accordion-toggle collapsed\" role=\"tab\" data-x-toggle=\"collapse-b\" data-x-toggleable=\"69f5bc49ca1b4\" data-x-toggle-group=\"69f5bc49c9f8f\" aria-selected=\"false\" aria-expanded=\"false\" aria-controls=\"panel-69f5bc49ca1b4\"><i class='x-framework-icon x-shortcode-accordion-icon' data-x-icon-s='&#x2b;' aria-hidden=true><\/i><span>1970<\/span><\/a><\/div><div id=\"panel-69f5bc49ca1b4\" class=\"x-accordion-body x-collapsed\" role=\"tabpanel\" data-x-toggle-collapse=\"1\" data-x-toggleable=\"69f5bc49ca1b4\" aria-hidden=\"true\" aria-labelledby=\"tab-69f5bc49ca1b4\"><div class=\"x-accordion-inner\"><p class=\"p1\"><span class=\"s1\" style=\"color: #504646;\"><strong>Geburtsstunde des Waldsportparks<\/strong><br \/>Stadtrat Manfred Bergmeister ergreift die Initiative und findet als geeignetes Gel\u00e4nde eine stadteigene Waldfl\u00e4che n\u00f6rdlich des Aussichtsturms am Rande des Ebersberger Forsts. Der Traum, mitten im Wald ein Sportzentrum zu schaffen, wird in einer einzigartigen \u00dcberzeugungsaktion zur Realit\u00e4t.<\/span><\/p><\/div><\/div><\/div><div  class=\"x-accordion-group\" ><div class=\"x-accordion-heading\"><a id=\"tab-69f5bc49ca1e5\" class=\"x-accordion-toggle collapsed\" role=\"tab\" data-x-toggle=\"collapse-b\" data-x-toggleable=\"69f5bc49ca1e5\" data-x-toggle-group=\"69f5bc49c9f8f\" aria-selected=\"false\" aria-expanded=\"false\" aria-controls=\"panel-69f5bc49ca1e5\"><i class='x-framework-icon x-shortcode-accordion-icon' data-x-icon-s='&#x2b;' aria-hidden=true><\/i><span>25.06.1970<\/span><\/a><\/div><div id=\"panel-69f5bc49ca1e5\" class=\"x-accordion-body x-collapsed\" role=\"tabpanel\" data-x-toggle-collapse=\"1\" data-x-toggleable=\"69f5bc49ca1e5\" aria-hidden=\"true\" aria-labelledby=\"tab-69f5bc49ca1e5\"><div class=\"x-accordion-inner\"><p class=\"p1\"><span class=\"s1\" style=\"color: #504646;\"><strong>Spatenstich mitten im Wald<br \/><\/strong><\/span><span class=\"s1\" style=\"color: #504646;\"> In einer Blitzaktion waren eine Menge Ma\u00dfnahmen erledigt worden, so dass ein demonstrativer Spatenstich durchgef\u00fchrt werden konnte.<\/span><\/p><\/div><\/div><\/div><div  class=\"x-accordion-group\" ><div class=\"x-accordion-heading\"><a id=\"tab-69f5bc49ca211\" class=\"x-accordion-toggle collapsed\" role=\"tab\" data-x-toggle=\"collapse-b\" data-x-toggleable=\"69f5bc49ca211\" data-x-toggle-group=\"69f5bc49c9f8f\" aria-selected=\"false\" aria-expanded=\"false\" aria-controls=\"panel-69f5bc49ca211\"><i class='x-framework-icon x-shortcode-accordion-icon' data-x-icon-s='&#x2b;' aria-hidden=true><\/i><span>19.12.1970<\/span><\/a><\/div><div id=\"panel-69f5bc49ca211\" class=\"x-accordion-body x-collapsed\" role=\"tabpanel\" data-x-toggle-collapse=\"1\" data-x-toggleable=\"69f5bc49ca211\" aria-hidden=\"true\" aria-labelledby=\"tab-69f5bc49ca211\"><div class=\"x-accordion-inner\"><p class=\"p1\"><span class=\"s1\" style=\"color: #504600;\"><strong>Gr\u00fcndungsversammlung des F\u00f6rdervereins Waldsportpark<\/strong><br \/>1. Vorsitzender wird Manfred Bergmeister;<br \/> spontan werden <b>60<\/b> Ebersberger B\u00fcrger Mitglieder<\/span><\/p><\/div><\/div><\/div><div  class=\"x-accordion-group\" ><div class=\"x-accordion-heading\"><a id=\"tab-69f5bc49ca238\" class=\"x-accordion-toggle collapsed\" role=\"tab\" data-x-toggle=\"collapse-b\" data-x-toggleable=\"69f5bc49ca238\" data-x-toggle-group=\"69f5bc49c9f8f\" aria-selected=\"false\" aria-expanded=\"false\" aria-controls=\"panel-69f5bc49ca238\"><i class='x-framework-icon x-shortcode-accordion-icon' data-x-icon-s='&#x2b;' aria-hidden=true><\/i><span>Dezember 1970<\/span><\/a><\/div><div id=\"panel-69f5bc49ca238\" class=\"x-accordion-body x-collapsed\" role=\"tabpanel\" data-x-toggle-collapse=\"1\" data-x-toggleable=\"69f5bc49ca238\" aria-hidden=\"true\" aria-labelledby=\"tab-69f5bc49ca238\"><div class=\"x-accordion-inner\"><p class=\"p1\"><span class=\"s1\" style=\"color: #504646;\"><strong>Ebersberger bekommen einen eigenen Skilift<\/strong><br \/>Der mit Spenden von Ebersberger Firmen gebaute Skilift an der Anzinger Stra\u00dfe wird in Betrieb genommen, obwohl der Stadtrat im September den Bau noch abgelehnt hatte.<\/span><\/p><\/div><\/div><\/div><div  class=\"x-accordion-group\" ><div class=\"x-accordion-heading\"><a id=\"tab-69f5bc49ca262\" class=\"x-accordion-toggle collapsed\" role=\"tab\" data-x-toggle=\"collapse-b\" data-x-toggleable=\"69f5bc49ca262\" data-x-toggle-group=\"69f5bc49c9f8f\" aria-selected=\"false\" aria-expanded=\"false\" aria-controls=\"panel-69f5bc49ca262\"><i class='x-framework-icon x-shortcode-accordion-icon' data-x-icon-s='&#x2b;' aria-hidden=true><\/i><span>1970-1973<\/span><\/a><\/div><div id=\"panel-69f5bc49ca262\" class=\"x-accordion-body x-collapsed\" role=\"tabpanel\" data-x-toggle-collapse=\"1\" data-x-toggleable=\"69f5bc49ca262\" aria-hidden=\"true\" aria-labelledby=\"tab-69f5bc49ca262\"><div class=\"x-accordion-inner\"><p><span class=\"s1\" style=\"color: #504646;\"><strong>Sportgeist, Gemeinsinn und Tatkraft<\/strong><br \/>Nach Zustimmung des Stadtrats von Ebersberg entsteht in einer einmaligen Aktion auf ca. 70.000 m\u00b2 Waldfl\u00e4che eine der sch\u00f6nsten Sportanlagen in Oberbayern. Im 1. Bauabschnitt werden von Architekt Helmut Mayer geplant und errichtet:<br \/>- 12 Stockbahnen mit Clubheim,<br \/>- ein Fu\u00dfball-Hartplatz 60 x 90 m,<br \/>- ein Handballfeld,<br \/>- ein Tennisplatz,<br \/>- ein Trimm-Dich-Pfad mit 1,4 km L\u00e4nge und 25 Stationen,<br \/>- eine Boccia-Bahn, 100 m Laufbahn und Weitsprunganlage.<br \/><strong>Der F\u00f6rderverein leistet im ersten Bauabschnitt einen Baukostenzuschuss von einer satten halben Million DM an die Stadt Ebersberg!<\/strong><\/span><\/p><\/div><\/div><\/div><div  class=\"x-accordion-group\" ><div class=\"x-accordion-heading\"><a id=\"tab-69f5bc49ca28a\" class=\"x-accordion-toggle collapsed\" role=\"tab\" data-x-toggle=\"collapse-b\" data-x-toggleable=\"69f5bc49ca28a\" data-x-toggle-group=\"69f5bc49c9f8f\" aria-selected=\"false\" aria-expanded=\"false\" aria-controls=\"panel-69f5bc49ca28a\"><i class='x-framework-icon x-shortcode-accordion-icon' data-x-icon-s='&#x2b;' aria-hidden=true><\/i><span>1972<\/span><\/a><\/div><div id=\"panel-69f5bc49ca28a\" class=\"x-accordion-body x-collapsed\" role=\"tabpanel\" data-x-toggle-collapse=\"1\" data-x-toggleable=\"69f5bc49ca28a\" aria-hidden=\"true\" aria-labelledby=\"tab-69f5bc49ca28a\"><div class=\"x-accordion-inner\"><p class=\"p1\"><span class=\"s1\" style=\"color: #504646;\"><strong>Geburtsstunde der Sport-Alm<\/strong><br \/>Manfred Bergmeister errichtet ein finnisches Blockhaus als Sportgastst\u00e4tte, deren Finanzierung die Brauerei Forsting \u00fcbernimmt. Die Sport-<\/span><span class=\"s1\" style=\"color: #504646;\">Alm war geboren. Im Keller werden die Umkleidekabinen und Duschen eingerichtet.<\/span><\/p><\/div><\/div><\/div><div  class=\"x-accordion-group\" ><div class=\"x-accordion-heading\"><a id=\"tab-69f5bc49ca2b0\" class=\"x-accordion-toggle collapsed\" role=\"tab\" data-x-toggle=\"collapse-b\" data-x-toggleable=\"69f5bc49ca2b0\" data-x-toggle-group=\"69f5bc49c9f8f\" aria-selected=\"false\" aria-expanded=\"false\" aria-controls=\"panel-69f5bc49ca2b0\"><i class='x-framework-icon x-shortcode-accordion-icon' data-x-icon-s='&#x2b;' aria-hidden=true><\/i><span>1974<\/span><\/a><\/div><div id=\"panel-69f5bc49ca2b0\" class=\"x-accordion-body x-collapsed\" role=\"tabpanel\" data-x-toggle-collapse=\"1\" data-x-toggleable=\"69f5bc49ca2b0\" aria-hidden=\"true\" aria-labelledby=\"tab-69f5bc49ca2b0\"><div class=\"x-accordion-inner\"><p class=\"p1\"><span class=\"s1\" style=\"color: #504600;\"><strong>Bau des Tennis-Clubheims durch den TC Ebersberg<\/strong><br \/>Der TC Ebersberg errichtet am Nordhang des Waldsportparks in eigener Regie Tennispl\u00e4tze und konnte diese schon im selben Jahr mit einem neuen Clubheim einweihen.<\/span><\/p><\/div><\/div><\/div><div  class=\"x-accordion-group\" ><div class=\"x-accordion-heading\"><a id=\"tab-69f5bc49ca2d6\" class=\"x-accordion-toggle collapsed\" role=\"tab\" data-x-toggle=\"collapse-b\" data-x-toggleable=\"69f5bc49ca2d6\" data-x-toggle-group=\"69f5bc49c9f8f\" aria-selected=\"false\" aria-expanded=\"false\" aria-controls=\"panel-69f5bc49ca2d6\"><i class='x-framework-icon x-shortcode-accordion-icon' data-x-icon-s='&#x2b;' aria-hidden=true><\/i><span>1975<\/span><\/a><\/div><div id=\"panel-69f5bc49ca2d6\" class=\"x-accordion-body x-collapsed\" role=\"tabpanel\" data-x-toggle-collapse=\"1\" data-x-toggleable=\"69f5bc49ca2d6\" aria-hidden=\"true\" aria-labelledby=\"tab-69f5bc49ca2d6\"><div class=\"x-accordion-inner\"><p class=\"p1\"><span class=\"s1\" style=\"color: #504600;\"><strong>Einweihungsfeier des ersten Bauabschnitts<br \/><\/strong><\/span><span class=\"s1\" style=\"color: #504646;\">Am 28.\/29. Juni 1975 wird der erste Bauabschnitt in einer gro\u00dfen Feier eingeweiht.<\/span><\/p><\/div><\/div><\/div><div  class=\"x-accordion-group\" ><div class=\"x-accordion-heading\"><a id=\"tab-69f5bc49ca2fc\" class=\"x-accordion-toggle collapsed\" role=\"tab\" data-x-toggle=\"collapse-b\" data-x-toggleable=\"69f5bc49ca2fc\" data-x-toggle-group=\"69f5bc49c9f8f\" aria-selected=\"false\" aria-expanded=\"false\" aria-controls=\"panel-69f5bc49ca2fc\"><i class='x-framework-icon x-shortcode-accordion-icon' data-x-icon-s='&#x2b;' aria-hidden=true><\/i><span>1978<\/span><\/a><\/div><div id=\"panel-69f5bc49ca2fc\" class=\"x-accordion-body x-collapsed\" role=\"tabpanel\" data-x-toggle-collapse=\"1\" data-x-toggleable=\"69f5bc49ca2fc\" aria-hidden=\"true\" aria-labelledby=\"tab-69f5bc49ca2fc\"><div class=\"x-accordion-inner\"><p class=\"p1\"><span class=\"s1\" style=\"color: #504600;\"><strong>Neue Dusch- und Umkleider\u00e4ume f\u00fcr das geplante Waldsportstadion<br \/><\/strong><\/span><span class=\"s1\" style=\"color: #504646;\">Die Stadt Ebersberg baut in einem neuen Geb\u00e4ude neben der Sport-Alm die Umkleide- und Duschr\u00e4ume. Die Ausrichtung erfolgt bereits auf das geplante Sportstadion.<\/span><\/p><\/div><\/div><\/div><div  class=\"x-accordion-group\" ><div class=\"x-accordion-heading\"><a id=\"tab-69f5bc49ca322\" class=\"x-accordion-toggle collapsed\" role=\"tab\" data-x-toggle=\"collapse-b\" data-x-toggleable=\"69f5bc49ca322\" data-x-toggle-group=\"69f5bc49c9f8f\" aria-selected=\"false\" aria-expanded=\"false\" aria-controls=\"panel-69f5bc49ca322\"><i class='x-framework-icon x-shortcode-accordion-icon' data-x-icon-s='&#x2b;' aria-hidden=true><\/i><span>1983<\/span><\/a><\/div><div id=\"panel-69f5bc49ca322\" class=\"x-accordion-body x-collapsed\" role=\"tabpanel\" data-x-toggle-collapse=\"1\" data-x-toggleable=\"69f5bc49ca322\" aria-hidden=\"true\" aria-labelledby=\"tab-69f5bc49ca322\"><div class=\"x-accordion-inner\"><p class=\"p1\"><span class=\"s1\" style=\"color: #504600;\"><strong>500.000 DM f\u00fcr das Waldsportstadion<br \/><\/strong><\/span><span class=\"s1\" style=\"color: #504646;\">Der F\u00f6rderverein schlie\u00dft einen Bausparvertrag \u00fcber 250.000 DM ab, um zusammen mit dem TSV Ebersberg (der einen weiteren Vertrag in gleicher H\u00f6he unterzeichnet) die Planung und den Bau des Waldsportstadions anzukurbeln.<\/span><\/p><\/div><\/div><\/div><div  class=\"x-accordion-group\" ><div class=\"x-accordion-heading\"><a id=\"tab-69f5bc49ca348\" class=\"x-accordion-toggle collapsed\" role=\"tab\" data-x-toggle=\"collapse-b\" data-x-toggleable=\"69f5bc49ca348\" data-x-toggle-group=\"69f5bc49c9f8f\" aria-selected=\"false\" aria-expanded=\"false\" aria-controls=\"panel-69f5bc49ca348\"><i class='x-framework-icon x-shortcode-accordion-icon' data-x-icon-s='&#x2b;' aria-hidden=true><\/i><span>1985<\/span><\/a><\/div><div id=\"panel-69f5bc49ca348\" class=\"x-accordion-body x-collapsed\" role=\"tabpanel\" data-x-toggle-collapse=\"1\" data-x-toggleable=\"69f5bc49ca348\" aria-hidden=\"true\" aria-labelledby=\"tab-69f5bc49ca348\"><div class=\"x-accordion-inner\"><p class=\"p1\"><span class=\"s1\" style=\"color: #504646;\"><strong>Baubeginn des Waldsportstadions<\/strong><br \/>Wast P\u00f6schl (TSV-Vorstand) und Manfred Bergmeister treiben mit unerm\u00fcdlicher \u00dcberzeugungskraft das Vorhaben an.\u00a0<\/span><\/p><\/div><\/div><\/div><div  class=\"x-accordion-group\" ><div class=\"x-accordion-heading\"><a id=\"tab-69f5bc49ca36e\" class=\"x-accordion-toggle collapsed\" role=\"tab\" data-x-toggle=\"collapse-b\" data-x-toggleable=\"69f5bc49ca36e\" data-x-toggle-group=\"69f5bc49c9f8f\" aria-selected=\"false\" aria-expanded=\"false\" aria-controls=\"panel-69f5bc49ca36e\"><i class='x-framework-icon x-shortcode-accordion-icon' data-x-icon-s='&#x2b;' aria-hidden=true><\/i><span>1987<\/span><\/a><\/div><div id=\"panel-69f5bc49ca36e\" class=\"x-accordion-body x-collapsed\" role=\"tabpanel\" data-x-toggle-collapse=\"1\" data-x-toggleable=\"69f5bc49ca36e\" aria-hidden=\"true\" aria-labelledby=\"tab-69f5bc49ca36e\"><div class=\"x-accordion-inner\"><p class=\"p1\"><span class=\"s1\" style=\"color: #504646;\"><strong>Er\u00f6ffnungsfeier f\u00fcr das Waldsportstadion<br \/><\/strong><\/span><span style=\"color: #504646;\"><span class=\"s1\">In einer viert\u00e4gigen Feier wird das neue Sportstadion eingeweiht. Der TSV\u00a01877 Ebersberg e.V. war Ausrichter der Gesamtver-anstaltung<span class=\"Apple-converted-space\">\u00a0 <\/span>am ersten Juliwochenende 1987. Der 1. FC N\u00fcrnberg als Stargast er\u00f6ffnet den Spielbetrieb im\u00a0<\/span><span class=\"s1\">Freundschaftsspiel gegen den TSV Ebersberg.<\/span><\/span><\/p><\/div><\/div><\/div><div  class=\"x-accordion-group\" ><div class=\"x-accordion-heading\"><a id=\"tab-69f5bc49ca394\" class=\"x-accordion-toggle collapsed\" role=\"tab\" data-x-toggle=\"collapse-b\" data-x-toggleable=\"69f5bc49ca394\" data-x-toggle-group=\"69f5bc49c9f8f\" aria-selected=\"false\" aria-expanded=\"false\" aria-controls=\"panel-69f5bc49ca394\"><i class='x-framework-icon x-shortcode-accordion-icon' data-x-icon-s='&#x2b;' aria-hidden=true><\/i><span>09.04.1988<\/span><\/a><\/div><div id=\"panel-69f5bc49ca394\" class=\"x-accordion-body x-collapsed\" role=\"tabpanel\" data-x-toggle-collapse=\"1\" data-x-toggleable=\"69f5bc49ca394\" aria-hidden=\"true\" aria-labelledby=\"tab-69f5bc49ca394\"><div class=\"x-accordion-inner\"><p class=\"p1\"><span style=\"color: #504646;\"><span class=\"s1\"><strong>Manfred Rothe wird neuer Vorsitz<br \/><\/strong><\/span><span class=\"s1\">Die Bestrebungen der Vereinsaufl\u00f6sung werden zur\u00fcckgenommen. Manfred Bergmeister tritt als Vorsitzender ab. Den Vorsitz \u00fcbernimmt Manfred Rothe.<\/span><\/span><\/p><\/div><\/div><\/div><div  class=\"x-accordion-group\" ><div class=\"x-accordion-heading\"><a id=\"tab-69f5bc49ca3da\" class=\"x-accordion-toggle collapsed\" role=\"tab\" data-x-toggle=\"collapse-b\" data-x-toggleable=\"69f5bc49ca3da\" data-x-toggle-group=\"69f5bc49c9f8f\" aria-selected=\"false\" aria-expanded=\"false\" aria-controls=\"panel-69f5bc49ca3da\"><i class='x-framework-icon x-shortcode-accordion-icon' data-x-icon-s='&#x2b;' aria-hidden=true><\/i><span>18.09.1988<\/span><\/a><\/div><div id=\"panel-69f5bc49ca3da\" class=\"x-accordion-body x-collapsed\" role=\"tabpanel\" data-x-toggle-collapse=\"1\" data-x-toggleable=\"69f5bc49ca3da\" aria-hidden=\"true\" aria-labelledby=\"tab-69f5bc49ca3da\"><div class=\"x-accordion-inner\"><p class=\"p1\"><span style=\"color: #504646;\"><span class=\"s1\"><strong>Trauertag im Verein<br \/><\/strong><\/span><span class=\"s1\">V\u00f6llig \u00fcberraschend verstirbt Manfred Rothe im Alter von nur 62 Jahren. Als neuer Vorsitzender wird Stefan Mayer gew\u00e4hlt, welcher das Amt bis 2006 inne hatte.<\/span><\/span><\/p><\/div><\/div><\/div><div  class=\"x-accordion-group\" ><div class=\"x-accordion-heading\"><a id=\"tab-69f5bc49ca409\" class=\"x-accordion-toggle collapsed\" role=\"tab\" data-x-toggle=\"collapse-b\" data-x-toggleable=\"69f5bc49ca409\" data-x-toggle-group=\"69f5bc49c9f8f\" aria-selected=\"false\" aria-expanded=\"false\" aria-controls=\"panel-69f5bc49ca409\"><i class='x-framework-icon x-shortcode-accordion-icon' data-x-icon-s='&#x2b;' aria-hidden=true><\/i><span>15.12.1990<\/span><\/a><\/div><div id=\"panel-69f5bc49ca409\" class=\"x-accordion-body x-collapsed\" role=\"tabpanel\" data-x-toggle-collapse=\"1\" data-x-toggleable=\"69f5bc49ca409\" aria-hidden=\"true\" aria-labelledby=\"tab-69f5bc49ca409\"><div class=\"x-accordion-inner\"><p class=\"p1\"><span style=\"color: #504646;\"><span class=\"s1\"><strong>20-j\u00e4hriges Bestehen des Waldsportparks<br \/><\/strong><\/span><span class=\"s1\">Der Waldsportpark feiert seinen 20. Geburtstag. Die Zufahrt wird zum <em>Manfred-Bergmeister-Weg <\/em>benannt - zu Ehren des Initiators und F\u00f6rderers des Waldsportparks.<\/span><\/span><span style=\"color: #504646;\"><\/span><\/p><\/div><\/div><\/div><div  class=\"x-accordion-group\" ><div class=\"x-accordion-heading\"><a id=\"tab-69f5bc49ca430\" class=\"x-accordion-toggle collapsed\" role=\"tab\" data-x-toggle=\"collapse-b\" data-x-toggleable=\"69f5bc49ca430\" data-x-toggle-group=\"69f5bc49c9f8f\" aria-selected=\"false\" aria-expanded=\"false\" aria-controls=\"panel-69f5bc49ca430\"><i class='x-framework-icon x-shortcode-accordion-icon' data-x-icon-s='&#x2b;' aria-hidden=true><\/i><span>1991<\/span><\/a><\/div><div id=\"panel-69f5bc49ca430\" class=\"x-accordion-body x-collapsed\" role=\"tabpanel\" data-x-toggle-collapse=\"1\" data-x-toggleable=\"69f5bc49ca430\" aria-hidden=\"true\" aria-labelledby=\"tab-69f5bc49ca430\"><div class=\"x-accordion-inner\"><p class=\"p1\"><span style=\"color: #504646;\"><span class=\"s1\"><strong>Abschied von Rudi Wagner<br \/><\/strong><\/span><span class=\"s1\">Nach 20 Jahren beendet Rudi Wagner seine ununterbrochene T\u00e4tigkeit als Liftwart. Stefan Gierlich tritt an seine Stelle.<\/span><\/span><span style=\"color: #504646;\"><\/span><\/p><\/div><\/div><\/div><div  class=\"x-accordion-group\" ><div class=\"x-accordion-heading\"><a id=\"tab-69f5bc49ca456\" class=\"x-accordion-toggle collapsed\" role=\"tab\" data-x-toggle=\"collapse-b\" data-x-toggleable=\"69f5bc49ca456\" data-x-toggle-group=\"69f5bc49c9f8f\" aria-selected=\"false\" aria-expanded=\"false\" aria-controls=\"panel-69f5bc49ca456\"><i class='x-framework-icon x-shortcode-accordion-icon' data-x-icon-s='&#x2b;' aria-hidden=true><\/i><span>1998-2003<\/span><\/a><\/div><div id=\"panel-69f5bc49ca456\" class=\"x-accordion-body x-collapsed\" role=\"tabpanel\" data-x-toggle-collapse=\"1\" data-x-toggleable=\"69f5bc49ca456\" aria-hidden=\"true\" aria-labelledby=\"tab-69f5bc49ca456\"><div class=\"x-accordion-inner\"><p class=\"p1\"><span style=\"color: #504646;\"><span class=\"s1\"><strong>Der Skilift erstrahlt in neuem Glanz<br \/><\/strong><\/span><span class=\"s1\">Mit unendlichem Flei\u00df haben Heinz Hecht und Liftwart Stefan Gierlich die Anlage des Skilifts optisch und technisch in einen Top-Zustand gebracht.<\/span><\/span><span style=\"color: #504646;\"><\/span><span style=\"color: #504646;\"><\/span><\/p><\/div><\/div><\/div><div  class=\"x-accordion-group\" ><div class=\"x-accordion-heading\"><a id=\"tab-69f5bc49ca47b\" class=\"x-accordion-toggle collapsed\" role=\"tab\" data-x-toggle=\"collapse-b\" data-x-toggleable=\"69f5bc49ca47b\" data-x-toggle-group=\"69f5bc49c9f8f\" aria-selected=\"false\" aria-expanded=\"false\" aria-controls=\"panel-69f5bc49ca47b\"><i class='x-framework-icon x-shortcode-accordion-icon' data-x-icon-s='&#x2b;' aria-hidden=true><\/i><span>2000<\/span><\/a><\/div><div id=\"panel-69f5bc49ca47b\" class=\"x-accordion-body x-collapsed\" role=\"tabpanel\" data-x-toggle-collapse=\"1\" data-x-toggleable=\"69f5bc49ca47b\" aria-hidden=\"true\" aria-labelledby=\"tab-69f5bc49ca47b\"><div class=\"x-accordion-inner\"><p class=\"p1\"><span style=\"color: #504646;\"><span class=\"s1\"><strong>30-j\u00e4hriges Jubil\u00e4um des F\u00f6rdervereins<br \/><\/strong><\/span><span class=\"s1\"><\/span><span class=\"s1\">Der F\u00f6rderverein feiert das 30-j\u00e4hrige Bestehen des Vereins und des Skilifts in der Sportalm.<\/span><\/span><\/p><\/div><\/div><\/div><div  class=\"x-accordion-group\" ><div class=\"x-accordion-heading\"><a id=\"tab-69f5bc49ca4a1\" class=\"x-accordion-toggle collapsed\" role=\"tab\" data-x-toggle=\"collapse-b\" data-x-toggleable=\"69f5bc49ca4a1\" data-x-toggle-group=\"69f5bc49c9f8f\" aria-selected=\"false\" aria-expanded=\"false\" aria-controls=\"panel-69f5bc49ca4a1\"><i class='x-framework-icon x-shortcode-accordion-icon' data-x-icon-s='&#x2b;' aria-hidden=true><\/i><span>2005<\/span><\/a><\/div><div id=\"panel-69f5bc49ca4a1\" class=\"x-accordion-body x-collapsed\" role=\"tabpanel\" data-x-toggle-collapse=\"1\" data-x-toggleable=\"69f5bc49ca4a1\" aria-hidden=\"true\" aria-labelledby=\"tab-69f5bc49ca4a1\"><div class=\"x-accordion-inner\"><p class=\"p1\"><span style=\"color: #504646;\"><span class=\"s1\"><strong>Kauf einer Ersatzspielerkabine<br \/><\/strong><\/span><span class=\"s1\">Kauf einer Ersatzspielerkabine f\u00fcr das Waldsportstadion.<\/span><\/span><span style=\"color: #504646;\"><\/span><\/p><\/div><\/div><\/div><div  class=\"x-accordion-group\" ><div class=\"x-accordion-heading\"><a id=\"tab-69f5bc49ca4c6\" class=\"x-accordion-toggle collapsed\" role=\"tab\" data-x-toggle=\"collapse-b\" data-x-toggleable=\"69f5bc49ca4c6\" data-x-toggle-group=\"69f5bc49c9f8f\" aria-selected=\"false\" aria-expanded=\"false\" aria-controls=\"panel-69f5bc49ca4c6\"><i class='x-framework-icon x-shortcode-accordion-icon' data-x-icon-s='&#x2b;' aria-hidden=true><\/i><span>2006<\/span><\/a><\/div><div id=\"panel-69f5bc49ca4c6\" class=\"x-accordion-body x-collapsed\" role=\"tabpanel\" data-x-toggle-collapse=\"1\" data-x-toggleable=\"69f5bc49ca4c6\" aria-hidden=\"true\" aria-labelledby=\"tab-69f5bc49ca4c6\"><div class=\"x-accordion-inner\"><p class=\"p1\"><span style=\"color: #504646;\"><strong><span class=\"s1\">Neuer Vorstand, neuer Schatzmeister und neuer Skidoo f\u00fcr den F\u00f6rderverein<br \/><\/span><\/strong><span class=\"s1\">Vorstand Stefan Mayer und Schatzmeister Heinz Hecht kandidieren nicht mehr. Sebastian P\u00f6schl \u00fcbernimmt das Vorstandsamt, der Schatzmeister kann zwei Jahre nicht besetzt werden, Manfred Pompl \u00fcbernimmt kommissarisch. Erst 2008 \u00fcbernimmt Georg Wiedeck dieses Ehrenamt. Au\u00dferdem erwirbt der F\u00f6rderverein einen Skidoo samt Loipenspurger\u00e4t f\u00fcr eine Skilanglaufstrecke.<\/span><\/span><\/p><\/div><\/div><\/div><div  class=\"x-accordion-group\" ><div class=\"x-accordion-heading\"><a id=\"tab-69f5bc49ca4f1\" class=\"x-accordion-toggle collapsed\" role=\"tab\" data-x-toggle=\"collapse-b\" data-x-toggleable=\"69f5bc49ca4f1\" data-x-toggle-group=\"69f5bc49c9f8f\" aria-selected=\"false\" aria-expanded=\"false\" aria-controls=\"panel-69f5bc49ca4f1\"><i class='x-framework-icon x-shortcode-accordion-icon' data-x-icon-s='&#x2b;' aria-hidden=true><\/i><span>2007<\/span><\/a><\/div><div id=\"panel-69f5bc49ca4f1\" class=\"x-accordion-body x-collapsed\" role=\"tabpanel\" data-x-toggle-collapse=\"1\" data-x-toggleable=\"69f5bc49ca4f1\" aria-hidden=\"true\" aria-labelledby=\"tab-69f5bc49ca4f1\"><div class=\"x-accordion-inner\"><p><span style=\"color: #504646;\"><strong>Neue Lichtanlage f\u00fcr die Stocksch\u00fctzen und eine neue Umz\u00e4unung des Nebenplatzes<\/strong><\/span><br \/><span class=\"s1\" style=\"color: #504646;\">Der F\u00f6rderverein bezuschusst eine neue Lichtanlage f\u00fcr die Stocksch\u00fctzen, sowie die neue Umz\u00e4unung des Nebenplatzes im Waldsportpark.<\/span><\/p><\/div><\/div><\/div><div  class=\"x-accordion-group\" ><div class=\"x-accordion-heading\"><a id=\"tab-69f5bc49ca518\" class=\"x-accordion-toggle collapsed\" role=\"tab\" data-x-toggle=\"collapse-b\" data-x-toggleable=\"69f5bc49ca518\" data-x-toggle-group=\"69f5bc49c9f8f\" aria-selected=\"false\" aria-expanded=\"false\" aria-controls=\"panel-69f5bc49ca518\"><i class='x-framework-icon x-shortcode-accordion-icon' data-x-icon-s='&#x2b;' aria-hidden=true><\/i><span>2008<\/span><\/a><\/div><div id=\"panel-69f5bc49ca518\" class=\"x-accordion-body x-collapsed\" role=\"tabpanel\" data-x-toggle-collapse=\"1\" data-x-toggleable=\"69f5bc49ca518\" aria-hidden=\"true\" aria-labelledby=\"tab-69f5bc49ca518\"><div class=\"x-accordion-inner\"><p><span style=\"color: #504646;\"><strong>Neue Lichtanlage f\u00fcr die Stocksch\u00fctzen und eine neue Umz\u00e4unung des Nebenplatzes<br \/><\/strong><span class=\"s1\">Der F\u00f6rderverein \u00fcbereignet den Bausparvertrag der LBS in H\u00f6he von 100.000 Euro, aus steuerlichen Gr\u00fcnden, an die Stadt Ebersberg.<br \/>Der Stocksch\u00fctzenplatz wird neu geteert. Dar\u00fcber hinaus bekommt das Waldsportstadion eine neue Schuhwaschanlage.<\/span><\/span><span class=\"s1\"><\/span><\/p><\/div><\/div><\/div><div  class=\"x-accordion-group\" ><div class=\"x-accordion-heading\"><a id=\"tab-69f5bc49ca53d\" class=\"x-accordion-toggle collapsed\" role=\"tab\" data-x-toggle=\"collapse-b\" data-x-toggleable=\"69f5bc49ca53d\" data-x-toggle-group=\"69f5bc49c9f8f\" aria-selected=\"false\" aria-expanded=\"false\" aria-controls=\"panel-69f5bc49ca53d\"><i class='x-framework-icon x-shortcode-accordion-icon' data-x-icon-s='&#x2b;' aria-hidden=true><\/i><span>2009<\/span><\/a><\/div><div id=\"panel-69f5bc49ca53d\" class=\"x-accordion-body x-collapsed\" role=\"tabpanel\" data-x-toggle-collapse=\"1\" data-x-toggleable=\"69f5bc49ca53d\" aria-hidden=\"true\" aria-labelledby=\"tab-69f5bc49ca53d\"><div class=\"x-accordion-inner\"><p><span style=\"color: #504646;\"><strong>Sanierungsma\u00dfnahmen am Tennis-Clubheim<br \/><\/strong><span class=\"s1\">Der F\u00f6rderverein bezuschusst die Sanierungsma\u00dfnahmen am Geb\u00e4ude des Tennisclubs Ebersberg. Dar\u00fcber hinaus wurde eine \u00dcberdachung f\u00fcr sieben Stockbahnen geplant. Das Vorhaben wurde jedoch von der Stadt zur\u00fcckgestellt.<\/span><\/span><span class=\"s1\"><\/span><\/p><\/div><\/div><\/div><div  class=\"x-accordion-group\" ><div class=\"x-accordion-heading\"><a id=\"tab-69f5bc49ca562\" class=\"x-accordion-toggle collapsed\" role=\"tab\" data-x-toggle=\"collapse-b\" data-x-toggleable=\"69f5bc49ca562\" data-x-toggle-group=\"69f5bc49c9f8f\" aria-selected=\"false\" aria-expanded=\"false\" aria-controls=\"panel-69f5bc49ca562\"><i class='x-framework-icon x-shortcode-accordion-icon' data-x-icon-s='&#x2b;' aria-hidden=true><\/i><span>2010<\/span><\/a><\/div><div id=\"panel-69f5bc49ca562\" class=\"x-accordion-body x-collapsed\" role=\"tabpanel\" data-x-toggle-collapse=\"1\" data-x-toggleable=\"69f5bc49ca562\" aria-hidden=\"true\" aria-labelledby=\"tab-69f5bc49ca562\"><div class=\"x-accordion-inner\"><p><span style=\"color: #504646;\"><strong>40er Geburtstag des Vereins und Bezuschussung des Kunstrasenplatzes<br \/><\/strong><span class=\"s1\">Im Dezember feiert der Verein sein 40-j\u00e4hriges Gr\u00fcndungsfest. Dar\u00fcber hinaus bezuschusst der Verein den Bau des Kunstrasenplatzes mit 30.000 Euro.<\/span><\/span><span class=\"s1\"><\/span><\/p><\/div><\/div><\/div><div  class=\"x-accordion-group\" ><div class=\"x-accordion-heading\"><a id=\"tab-69f5bc49ca587\" class=\"x-accordion-toggle collapsed\" role=\"tab\" data-x-toggle=\"collapse-b\" data-x-toggleable=\"69f5bc49ca587\" data-x-toggle-group=\"69f5bc49c9f8f\" aria-selected=\"false\" aria-expanded=\"false\" aria-controls=\"panel-69f5bc49ca587\"><i class='x-framework-icon x-shortcode-accordion-icon' data-x-icon-s='&#x2b;' aria-hidden=true><\/i><span>2011<\/span><\/a><\/div><div id=\"panel-69f5bc49ca587\" class=\"x-accordion-body x-collapsed\" role=\"tabpanel\" data-x-toggle-collapse=\"1\" data-x-toggleable=\"69f5bc49ca587\" aria-hidden=\"true\" aria-labelledby=\"tab-69f5bc49ca587\"><div class=\"x-accordion-inner\"><p><span style=\"color: #504646;\"><strong>Kauf einer neuen Schneefr\u00e4se<br \/><\/strong><span class=\"s1\">Zum Kauf einer neuen Schneefr\u00e4se gibt der F\u00f6rderverein einen Zuschuss von 1.000 Euro.<\/span><\/span><span class=\"s1\"><\/span><\/p><\/div><\/div><\/div><div  class=\"x-accordion-group\" ><div class=\"x-accordion-heading\"><a id=\"tab-69f5bc49ca5ac\" class=\"x-accordion-toggle collapsed\" role=\"tab\" data-x-toggle=\"collapse-b\" data-x-toggleable=\"69f5bc49ca5ac\" data-x-toggle-group=\"69f5bc49c9f8f\" aria-selected=\"false\" aria-expanded=\"false\" aria-controls=\"panel-69f5bc49ca5ac\"><i class='x-framework-icon x-shortcode-accordion-icon' data-x-icon-s='&#x2b;' aria-hidden=true><\/i><span>2012<\/span><\/a><\/div><div id=\"panel-69f5bc49ca5ac\" class=\"x-accordion-body x-collapsed\" role=\"tabpanel\" data-x-toggle-collapse=\"1\" data-x-toggleable=\"69f5bc49ca5ac\" aria-hidden=\"true\" aria-labelledby=\"tab-69f5bc49ca5ac\"><div class=\"x-accordion-inner\"><p><span class=\"s1\" style=\"color: #504646;\"><span color=\"#504646\" style=\"color: #504646;\"><b>Sanierung des Tennis-Clubheims und Kauf einer Ersatzspielerbank<br \/><\/b><\/span>Der F\u00f6rderverein bezuschusst die Sanierung des Tennisclubs und kauft eine neue Ersatzspielerbank f\u00fcr das Waldsportstadion.\u00a0<\/span><span class=\"s1\"><\/span><\/p><p><strong>Wechsel im Vorstand<\/strong><br \/>Vorstand Sebastian P\u00f6schl \u00fcbergibt das Amt bei der Mitgliederversammlung an Andreas Schmidt<\/p><\/div><\/div><\/div><div  class=\"x-accordion-group\" ><div class=\"x-accordion-heading\"><a id=\"tab-69f5bc49ca5d1\" class=\"x-accordion-toggle collapsed\" role=\"tab\" data-x-toggle=\"collapse-b\" data-x-toggleable=\"69f5bc49ca5d1\" data-x-toggle-group=\"69f5bc49c9f8f\" aria-selected=\"false\" aria-expanded=\"false\" aria-controls=\"panel-69f5bc49ca5d1\"><i class='x-framework-icon x-shortcode-accordion-icon' data-x-icon-s='&#x2b;' aria-hidden=true><\/i><span>2014<\/span><\/a><\/div><div id=\"panel-69f5bc49ca5d1\" class=\"x-accordion-body x-collapsed\" role=\"tabpanel\" data-x-toggle-collapse=\"1\" data-x-toggleable=\"69f5bc49ca5d1\" aria-hidden=\"true\" aria-labelledby=\"tab-69f5bc49ca5d1\"><div class=\"x-accordion-inner\"><p><span style=\"color: #504646;\"><span class=\"s1\"><span color=\"#504646\"><b>Neuer Ger\u00e4teschuppen f\u00fcr den ESC Ebersberg und eine Bew\u00e4sserungsanlage f\u00fcr den TC Ebersberg<br \/><\/b><\/span><\/span><span class=\"s1\">Der F\u00f6rderverein gibt einen Zuschuss f\u00fcr den Ger\u00e4teschuppen des ESC Ebersberg. Dar\u00fcber hinaus bezuschusst der Verein die Bew\u00e4sserungsanlage des TC Ebersberg.<\/span><\/span><span class=\"s1\" style=\"color: #504646;\"><\/span><span class=\"s1\"><\/span><\/p><\/div><\/div><\/div><div  class=\"x-accordion-group\" ><div class=\"x-accordion-heading\"><a id=\"tab-69f5bc49ca5f6\" class=\"x-accordion-toggle collapsed\" role=\"tab\" data-x-toggle=\"collapse-b\" data-x-toggleable=\"69f5bc49ca5f6\" data-x-toggle-group=\"69f5bc49c9f8f\" aria-selected=\"false\" aria-expanded=\"false\" aria-controls=\"panel-69f5bc49ca5f6\"><i class='x-framework-icon x-shortcode-accordion-icon' data-x-icon-s='&#x2b;' aria-hidden=true><\/i><span>2017<\/span><\/a><\/div><div id=\"panel-69f5bc49ca5f6\" class=\"x-accordion-body x-collapsed\" role=\"tabpanel\" data-x-toggle-collapse=\"1\" data-x-toggleable=\"69f5bc49ca5f6\" aria-hidden=\"true\" aria-labelledby=\"tab-69f5bc49ca5f6\"><div class=\"x-accordion-inner\"><p><span style=\"color: #504646;\"><span class=\"s1\"><span color=\"#504646\"><b>Erweiterung des Skilifts und Neumarkierung der Stockbahnen<br \/><\/b><\/span><\/span><span class=\"s1\"><\/span><\/span><span style=\"color: #504646;\"><span class=\"s1\">Der F\u00f6rderverein beteiligt sich an den Kosten f\u00fcr einen neuen Lichtmasten am Skilift und der Erweiterung des Lifth\u00e4uschens. Dar\u00fcber hinaus \u00fcbernimmt der Verein die gesamten Kosten der Neumarkierung der Stockbahnen.<\/span><\/span><span class=\"s1\"><\/span><\/p><\/div><\/div><\/div><\/div><\/div><\/div><\/div><\/div>\n","protected":false},"excerpt":{"rendered":"<p>Ziele und Aufgaben des F\u00f6rdervereinsRenovierung und Erweiterung des WaldsportparksDer F\u00f6rderverein Waldsportpark Ebersberg e.V. \u00fcbernimmt die Vorbereitung und Planung von Erweiterungen und Renovierungsarbeiten des Waldsportparks Ebersberg. Umgestaltung der Anlagen des WaldsportparksWenn einmal einzelne Anlagen im Waldsportpark umgestaltet werden sollen, erarbeitet der F\u00f6rderverein Waldsportpark e.V. das daf\u00fcr notwendige Konzept und verantwortet die Umsetzung der Projekte.Koordination der VereineDer F\u00f6rderverein Waldsportpark Ebersberg e.V. \u00fcbernimmt die Koordination s\u00e4mtlicher Vereine, die an der Nutzung des Waldsportparks interessiert sind.Vertretung der Nutzer des WaldsportparksDer F\u00f6rderverein Waldsportpark Ebersberg e.V. &#8230; <\/p>\n<div><a href=\"https:\/\/waldsportpark-ebersberg.de\/index.php\/ueber-foerderverein-waldsportpark-ebersberg-e-v\/\" class=\"more-link\">Read More<\/a><\/div>\n","protected":false},"author":2,"featured_media":0,"parent":0,"menu_order":0,"comment_status":"closed","ping_status":"closed","template":"template-blank-4.php","meta":{"footnotes":""},"class_list":["post-46","page","type-page","status-publish","hentry","no-post-thumbnail"],"yoast_head":"<!-- This site is optimized with the Yoast SEO plugin v27.5 - https:\/\/yoast.com\/product\/yoast-seo-wordpress\/ -->\n<title>F\u00f6rderverein Waldsportpark Ebersberg e.V. - \u00dcber Uns<\/title>\n<meta name=\"description\" content=\"Wir m\u00f6chten Kindern, Jugendlichen und Erwachsenen den Zugang zu einem breiten Sportangebot erm\u00f6glichen. Eine organisierte Vereinsstruktur und gut gepflegte Sportanlagen sind daf\u00fcr besonders wichtig. Um die Finanzierung und Pflege der Sportanlagen k\u00fcmmert sich der F\u00f6rderverein Waldsportpark Ebersberg e.V.\" \/>\n<meta name=\"robots\" content=\"index, follow, max-snippet:-1, max-image-preview:large, max-video-preview:-1\" \/>\n<link rel=\"canonical\" href=\"https:\/\/waldsportpark-ebersberg.de\/index.php\/ueber-foerderverein-waldsportpark-ebersberg-e-v\/\" \/>\n<meta property=\"og:locale\" content=\"de_DE\" \/>\n<meta property=\"og:type\" content=\"article\" \/>\n<meta property=\"og:title\" content=\"F\u00f6rderverein Waldsportpark Ebersberg e.V. - \u00dcber Uns\" \/>\n<meta property=\"og:description\" content=\"Wir m\u00f6chten Kindern, Jugendlichen und Erwachsenen den Zugang zu einem breiten Sportangebot erm\u00f6glichen. Eine organisierte Vereinsstruktur und gut gepflegte Sportanlagen sind daf\u00fcr besonders wichtig. Um die Finanzierung und Pflege der Sportanlagen k\u00fcmmert sich der F\u00f6rderverein Waldsportpark Ebersberg e.V.\" \/>\n<meta property=\"og:url\" content=\"https:\/\/waldsportpark-ebersberg.de\/index.php\/ueber-foerderverein-waldsportpark-ebersberg-e-v\/\" \/>\n<meta property=\"og:site_name\" content=\"F\u00f6rderverein Waldsportpark Ebersberg e.V.\" \/>\n<meta property=\"article:modified_time\" content=\"2024-05-15T11:40:35+00:00\" \/>\n<meta name=\"twitter:card\" content=\"summary_large_image\" \/>\n<meta name=\"twitter:label1\" content=\"Gesch\u00e4tzte Lesezeit\" \/>\n\t<meta name=\"twitter:data1\" content=\"15\u00a0Minuten\" \/>\n<script type=\"application\/ld+json\" class=\"yoast-schema-graph\">{\"@context\":\"https:\\\/\\\/schema.org\",\"@graph\":[{\"@type\":\"WebPage\",\"@id\":\"https:\\\/\\\/waldsportpark-ebersberg.de\\\/index.php\\\/ueber-foerderverein-waldsportpark-ebersberg-e-v\\\/\",\"url\":\"https:\\\/\\\/waldsportpark-ebersberg.de\\\/index.php\\\/ueber-foerderverein-waldsportpark-ebersberg-e-v\\\/\",\"name\":\"F\u00f6rderverein Waldsportpark Ebersberg e.V. - \u00dcber Uns\",\"isPartOf\":{\"@id\":\"https:\\\/\\\/waldsportpark-ebersberg.de\\\/#website\"},\"datePublished\":\"2017-11-30T15:46:41+00:00\",\"dateModified\":\"2024-05-15T11:40:35+00:00\",\"description\":\"Wir m\u00f6chten Kindern, Jugendlichen und Erwachsenen den Zugang zu einem breiten Sportangebot erm\u00f6glichen. Eine organisierte Vereinsstruktur und gut gepflegte Sportanlagen sind daf\u00fcr besonders wichtig. Um die Finanzierung und Pflege der Sportanlagen k\u00fcmmert sich der F\u00f6rderverein Waldsportpark Ebersberg e.V.\",\"breadcrumb\":{\"@id\":\"https:\\\/\\\/waldsportpark-ebersberg.de\\\/index.php\\\/ueber-foerderverein-waldsportpark-ebersberg-e-v\\\/#breadcrumb\"},\"inLanguage\":\"de\",\"potentialAction\":[{\"@type\":\"ReadAction\",\"target\":[\"https:\\\/\\\/waldsportpark-ebersberg.de\\\/index.php\\\/ueber-foerderverein-waldsportpark-ebersberg-e-v\\\/\"]}]},{\"@type\":\"BreadcrumbList\",\"@id\":\"https:\\\/\\\/waldsportpark-ebersberg.de\\\/index.php\\\/ueber-foerderverein-waldsportpark-ebersberg-e-v\\\/#breadcrumb\",\"itemListElement\":[{\"@type\":\"ListItem\",\"position\":1,\"name\":\"Startseite\",\"item\":\"https:\\\/\\\/waldsportpark-ebersberg.de\\\/\"},{\"@type\":\"ListItem\",\"position\":2,\"name\":\"\u00dcber F\u00f6rderverein Waldsportpark Ebersberg e.V.\"}]},{\"@type\":\"WebSite\",\"@id\":\"https:\\\/\\\/waldsportpark-ebersberg.de\\\/#website\",\"url\":\"https:\\\/\\\/waldsportpark-ebersberg.de\\\/\",\"name\":\"F\u00f6rderverein Waldsportpark Ebersberg e.V.\",\"description\":\"Eine Website des F\u00f6rderverein Waldsportpark Ebersberg e.V.\",\"potentialAction\":[{\"@type\":\"SearchAction\",\"target\":{\"@type\":\"EntryPoint\",\"urlTemplate\":\"https:\\\/\\\/waldsportpark-ebersberg.de\\\/?s={search_term_string}\"},\"query-input\":{\"@type\":\"PropertyValueSpecification\",\"valueRequired\":true,\"valueName\":\"search_term_string\"}}],\"inLanguage\":\"de\"}]}<\/script>\n<!-- \/ Yoast SEO plugin. -->","yoast_head_json":{"title":"F\u00f6rderverein Waldsportpark Ebersberg e.V. - \u00dcber Uns","description":"Wir m\u00f6chten Kindern, Jugendlichen und Erwachsenen den Zugang zu einem breiten Sportangebot erm\u00f6glichen. Eine organisierte Vereinsstruktur und gut gepflegte Sportanlagen sind daf\u00fcr besonders wichtig. Um die Finanzierung und Pflege der Sportanlagen k\u00fcmmert sich der F\u00f6rderverein Waldsportpark Ebersberg e.V.","robots":{"index":"index","follow":"follow","max-snippet":"max-snippet:-1","max-image-preview":"max-image-preview:large","max-video-preview":"max-video-preview:-1"},"canonical":"https:\/\/waldsportpark-ebersberg.de\/index.php\/ueber-foerderverein-waldsportpark-ebersberg-e-v\/","og_locale":"de_DE","og_type":"article","og_title":"F\u00f6rderverein Waldsportpark Ebersberg e.V. - \u00dcber Uns","og_description":"Wir m\u00f6chten Kindern, Jugendlichen und Erwachsenen den Zugang zu einem breiten Sportangebot erm\u00f6glichen. Eine organisierte Vereinsstruktur und gut gepflegte Sportanlagen sind daf\u00fcr besonders wichtig. Um die Finanzierung und Pflege der Sportanlagen k\u00fcmmert sich der F\u00f6rderverein Waldsportpark Ebersberg e.V.","og_url":"https:\/\/waldsportpark-ebersberg.de\/index.php\/ueber-foerderverein-waldsportpark-ebersberg-e-v\/","og_site_name":"F\u00f6rderverein Waldsportpark Ebersberg e.V.","article_modified_time":"2024-05-15T11:40:35+00:00","twitter_card":"summary_large_image","twitter_misc":{"Gesch\u00e4tzte Lesezeit":"15\u00a0Minuten"},"schema":{"@context":"https:\/\/schema.org","@graph":[{"@type":"WebPage","@id":"https:\/\/waldsportpark-ebersberg.de\/index.php\/ueber-foerderverein-waldsportpark-ebersberg-e-v\/","url":"https:\/\/waldsportpark-ebersberg.de\/index.php\/ueber-foerderverein-waldsportpark-ebersberg-e-v\/","name":"F\u00f6rderverein Waldsportpark Ebersberg e.V. - \u00dcber Uns","isPartOf":{"@id":"https:\/\/waldsportpark-ebersberg.de\/#website"},"datePublished":"2017-11-30T15:46:41+00:00","dateModified":"2024-05-15T11:40:35+00:00","description":"Wir m\u00f6chten Kindern, Jugendlichen und Erwachsenen den Zugang zu einem breiten Sportangebot erm\u00f6glichen. Eine organisierte Vereinsstruktur und gut gepflegte Sportanlagen sind daf\u00fcr besonders wichtig. Um die Finanzierung und Pflege der Sportanlagen k\u00fcmmert sich der F\u00f6rderverein Waldsportpark Ebersberg e.V.","breadcrumb":{"@id":"https:\/\/waldsportpark-ebersberg.de\/index.php\/ueber-foerderverein-waldsportpark-ebersberg-e-v\/#breadcrumb"},"inLanguage":"de","potentialAction":[{"@type":"ReadAction","target":["https:\/\/waldsportpark-ebersberg.de\/index.php\/ueber-foerderverein-waldsportpark-ebersberg-e-v\/"]}]},{"@type":"BreadcrumbList","@id":"https:\/\/waldsportpark-ebersberg.de\/index.php\/ueber-foerderverein-waldsportpark-ebersberg-e-v\/#breadcrumb","itemListElement":[{"@type":"ListItem","position":1,"name":"Startseite","item":"https:\/\/waldsportpark-ebersberg.de\/"},{"@type":"ListItem","position":2,"name":"\u00dcber F\u00f6rderverein Waldsportpark Ebersberg e.V."}]},{"@type":"WebSite","@id":"https:\/\/waldsportpark-ebersberg.de\/#website","url":"https:\/\/waldsportpark-ebersberg.de\/","name":"F\u00f6rderverein Waldsportpark Ebersberg e.V.","description":"Eine Website des F\u00f6rderverein Waldsportpark Ebersberg e.V.","potentialAction":[{"@type":"SearchAction","target":{"@type":"EntryPoint","urlTemplate":"https:\/\/waldsportpark-ebersberg.de\/?s={search_term_string}"},"query-input":{"@type":"PropertyValueSpecification","valueRequired":true,"valueName":"search_term_string"}}],"inLanguage":"de"}]}},"_links":{"self":[{"href":"https:\/\/waldsportpark-ebersberg.de\/index.php\/wp-json\/wp\/v2\/pages\/46","targetHints":{"allow":["GET"]}}],"collection":[{"href":"https:\/\/waldsportpark-ebersberg.de\/index.php\/wp-json\/wp\/v2\/pages"}],"about":[{"href":"https:\/\/waldsportpark-ebersberg.de\/index.php\/wp-json\/wp\/v2\/types\/page"}],"author":[{"embeddable":true,"href":"https:\/\/waldsportpark-ebersberg.de\/index.php\/wp-json\/wp\/v2\/users\/2"}],"replies":[{"embeddable":true,"href":"https:\/\/waldsportpark-ebersberg.de\/index.php\/wp-json\/wp\/v2\/comments?post=46"}],"version-history":[{"count":71,"href":"https:\/\/waldsportpark-ebersberg.de\/index.php\/wp-json\/wp\/v2\/pages\/46\/revisions"}],"predecessor-version":[{"id":675,"href":"https:\/\/waldsportpark-ebersberg.de\/index.php\/wp-json\/wp\/v2\/pages\/46\/revisions\/675"}],"wp:attachment":[{"href":"https:\/\/waldsportpark-ebersberg.de\/index.php\/wp-json\/wp\/v2\/media?parent=46"}],"curies":[{"name":"wp","href":"https:\/\/api.w.org\/{rel}","templated":true}]}}